{"id":1597,"date":"2026-03-16T17:09:09","date_gmt":"2026-03-16T16:09:09","guid":{"rendered":"https:\/\/szineserzsebetvaros.hu\/?page_id=1597"},"modified":"2026-03-17T09:37:04","modified_gmt":"2026-03-17T08:37:04","slug":"jelentkezes","status":"publish","type":"page","link":"https:\/\/szineserzsebetvaros.hu\/en\/jelentkezes\/","title":{"rendered":"Jelentkez\u00e9s"},"content":{"rendered":"<div data-elementor-type=\"wp-page\" data-elementor-id=\"1597\" class=\"elementor elementor-1597\" data-elementor-post-type=\"page\">\n\t\t\t\t<div class=\"elementor-element elementor-element-eb6ce3e e-grid e-con-boxed e-con e-parent\" data-id=\"eb6ce3e\" data-element_type=\"container\">\n\t\t\t\t\t<div class=\"e-con-inner\">\n\t\t\t\t<div class=\"elementor-element elementor-element-d542c51 elementor-widget elementor-widget-text-editor\" data-id=\"d542c51\" data-element_type=\"widget\" data-widget_type=\"text-editor.default\">\n\t\t\t\t<div class=\"elementor-widget-container\">\n\t\t\t\t\t\t\t\t\t<p style=\"font-weight: 400;\"><strong>R\u00e9szv\u00e9teli Szab\u00e1lyzat: \u201eSzabad Teraszok\u201d demonstr\u00e1ci\u00f3<\/strong><\/p><p style=\"font-weight: 400;\"><strong>Helysz\u00edn:<\/strong>\u00a0Erzs\u00e9betv\u00e1ros<\/p><p style=\"font-weight: 400;\"><strong>Id\u0151pont:<\/strong>\u00a02026. m\u00e1rcius 28., 15:00 \u2013 21:00<\/p><p style=\"font-weight: 400;\">A demonstr\u00e1ci\u00f3 c\u00e9lja, hogy megmutassuk: sz\u00fcks\u00e9g van a ki\u00fcl\u0151s teraszokra, mert azok elveszt\u00e9s\u00e9vel a v\u00e1rosi \u00e9let egy fontos szelet\u00e9t vesz\u00edthetj\u00fck el. A r\u00e9szv\u00e9tel felt\u00e9tele az al\u00e1bbi pontok marad\u00e9ktalan betart\u00e1s\u00e1hoz k\u00f6t\u00f6tt:<\/p><ol><li style=\"font-weight: 400;\"><strong> Id\u0151keret \u00e9s \u00fczemeltet\u00e9s<\/strong><\/li><\/ol><ul style=\"font-weight: 400;\"><li>A teraszok kiz\u00e1r\u00f3lag\u00a0<strong>15:00 \u00e9s 21:00 k\u00f6z\u00f6tt<\/strong>\u00a0tarthatnak nyitva.<\/li><li>A r\u00e9sztvev\u0151 v\u00e1llalja, hogy a demonstr\u00e1ci\u00f3 ideje alatt\u00a0<strong>csendes, civiliz\u00e1lt m\u00f3don<\/strong>\u00a0\u00fczemel.<\/li><\/ul><p>\u00a0<\/p><ol start=\"2\"><li style=\"font-weight: 400;\"><strong> Vend\u00e9gek \u00e9s zajszint<\/strong><\/li><\/ol><ul style=\"font-weight: 400;\"><li>Az \u00fczemeltet\u0151 felel\u0151ss\u00e9ge, hogy a vend\u00e9gek\u00a0<strong>ne hangoskodjanak<\/strong>.<\/li><li>K\u00e9rj\u00fck a szem\u00e9lyzetet, hogy fokozottan figyeljenek a teraszon tart\u00f3zkod\u00f3k magatart\u00e1s\u00e1ra, \u00e9s sz\u00fcks\u00e9g eset\u00e9n udvariasan k\u00e9rj\u00e9k fel \u0151ket a hanger\u0151 m\u00e9rs\u00e9kl\u00e9s\u00e9re.<\/li><\/ul><p>\u00a0<\/p><ol start=\"3\"><li style=\"font-weight: 400;\"><strong> Eszk\u00f6zhaszn\u00e1lat \u00e9s eszt\u00e9tika<\/strong><\/li><\/ol><ul style=\"font-weight: 400;\"><li>A demonstr\u00e1ci\u00f3 ideje alatt\u00a0<strong>s\u00f6rpadok \u00e9s s\u00f6rasztalok haszn\u00e1lata tilos<\/strong>.<\/li><li>K\u00e9rj\u00fck a helyi arculathoz illeszked\u0151, ig\u00e9nyes teraszb\u00fatorok haszn\u00e1lat\u00e1t.<\/li><\/ul><p>\u00a0<\/p><ol start=\"4\"><li style=\"font-weight: 400;\"><strong> Tisztas\u00e1g \u00e9s z\u00e1r\u00e1s<\/strong><\/li><\/ol><ul style=\"font-weight: 400;\"><li><strong>Pontos z\u00e1r\u00e1s:<\/strong>\u00a021:00-kor a teraszt el kell pakolni, az utcab\u00fatorokat be kell vinni vagy r\u00f6gz\u00edteni kell.<\/li><li>A r\u00e9sztvev\u0151 v\u00e1llalja, hogy a ter\u00fcletet\u00a0<strong>tiszt\u00e1n \u00e9s rendezetten<\/strong>\u00a0hagyja maga ut\u00e1n. A k\u00f6zter\u00fcleten szemetet, poharakat vagy egy\u00e9b hullad\u00e9kot hagyni tilos.<\/li><\/ul><p>\u00a0<\/p><ol start=\"5\"><li style=\"font-weight: 400;\"><strong> Felel\u0151ss\u00e9g<\/strong><\/li><\/ol><ul><li style=\"font-weight: 400;\">A szab\u00e1lyok be nem tart\u00e1sa nemcsak a demonstr\u00e1ci\u00f3 hitel\u00e9t rontja, hanem az adott egys\u00e9g hat\u00f3s\u00e1gi felel\u0151ss\u00e9gre von\u00e1s\u00e1t is vonhatja maga ut\u00e1n.<\/li><li style=\"font-weight: 400;\">Mutassuk meg egy\u00fctt, hogy Erzs\u00e9betv\u00e1ros teraszai \u00e9rt\u00e9ket teremtenek!<\/li><\/ul>\t\t\t\t\t\t\t\t<\/div>\n\t\t\t\t<\/div>\n\t\t\t\t<div class=\"elementor-element elementor-element-894ec18 elementor-widget elementor-widget-shortcode\" data-id=\"894ec18\" data-element_type=\"widget\" data-widget_type=\"shortcode.default\">\n\t\t\t\t<div class=\"elementor-widget-container\">\n\t\t\t\t\t\t\t<div class=\"elementor-shortcode\"><div class='fluentform ff-default fluentform_wrapper_3 ffs_default_wrap'><form data-form_id=\"3\" id=\"fluentform_3\" class=\"frm-fluent-form fluent_form_3 ff-el-form-top ff_form_instance_3_1 ff-form-loading ffs_default\" data-form_instance=\"ff_form_instance_3_1\" method=\"POST\" action=\"\" ><fieldset  style=\"border: none!important;margin: 0!important;padding: 0!important;background-color: transparent!important;box-shadow: none!important;outline: none!important; min-inline-size: 100%;\">\n                    <legend class=\"ff_screen_reader_title\" style=\"display: block; margin: 0!important;padding: 0!important;height: 0!important;text-indent: -999999px;width: 0!important;overflow:hidden;\">Szabad teraszokat<\/legend><input type='hidden' name='__fluent_form_embded_post_id' value='1597' \/><input type=\"hidden\" id=\"_fluentform_3_fluentformnonce\" name=\"_fluentform_3_fluentformnonce\" value=\"13dc9eccfc\" \/><input type=\"hidden\" name=\"_wp_http_referer\" value=\"\/en\/wp-json\/wp\/v2\/pages\/1597\" \/><div data-type=\"name-element\" data-name=\"names\" class=\"ff-field_container ff-name-field-wrapper\" ><div class='ff-t-container'><div class='ff-t-cell'><div class='ff-el-group ff-el-form-top'><div class=\"ff-el-input--label ff-el-is-required asterisk-right\"><label for='ff_3_names_first_name_' id='label_ff_3_names_first_name_' >Last name<\/label><\/div><div class='ff-el-input--content'><input type=\"text\" name=\"names[first_name]\" id=\"ff_3_names_first_name_\" class=\"ff-el-form-control\" aria-invalid=\"false\" aria-required=\"true\"><\/div><\/div><\/div><div class='ff-t-cell'><div class='ff-el-group ff-el-form-top'><div class=\"ff-el-input--label ff-el-is-required asterisk-right\"><label for='ff_3_names_last_name_' id='label_ff_3_names_last_name_' >First name<\/label><\/div><div class='ff-el-input--content'><input type=\"text\" name=\"names[last_name]\" id=\"ff_3_names_last_name_\" class=\"ff-el-form-control\" aria-invalid=\"false\" aria-required=\"true\"><\/div><\/div><\/div><\/div><\/div><div class='ff-el-group'><div class=\"ff-el-input--label asterisk-right\"><label for='ff_3_input_text' id='label_ff_3_input_text' aria-label=\"C\u00e9g n\u00e9v (opcion\u00e1lis)\">C\u00e9g n\u00e9v (opcion\u00e1lis)<\/label><\/div><div class='ff-el-input--content'><input type=\"text\" name=\"input_text\" class=\"ff-el-form-control\" data-name=\"input_text\" id=\"ff_3_input_text\"  aria-invalid=\"false\" aria-required=\"false\"><\/div><\/div><div class='ff-el-group'><div class=\"ff-el-input--label ff-el-is-required asterisk-right\"><label for='ff_3_email' id='label_ff_3_email' aria-label=\"E-mail c\u00edm\">E-mail c\u00edm<\/label><\/div><div class='ff-el-input--content'><input type=\"email\" name=\"email\" id=\"ff_3_email\" class=\"ff-el-form-control\" data-name=\"email\"  aria-invalid=\"false\" aria-required=\"true\"><\/div><\/div><div class='ff-el-group'><div class=\"ff-el-input--label ff-el-is-required asterisk-right\"><label for='ff_3_phone' id='label_ff_3_phone' aria-label=\"Phone number\">Phone number<\/label><\/div><div class='ff-el-input--content'><input name=\"phone\" class=\"ff-el-form-control ff-el-phone\" type=\"tel\" data-name=\"phone\" id=\"ff_3_phone\" inputmode=\"tel\"  aria-invalid='false' aria-required=\"true\"><\/div><\/div><div class=\"ff-name-address-wrapper fluent-address\" data-type=\"address-element\" data-name=\"address_1\" ><div class='ff-el-input--label'><label aria-label=\"Hol szeretn\u00e9d teraszt nyitni?\">Hol szeretn\u00e9d teraszt nyitni?<\/label><\/div><div class='ff-el-input--content'><div class='ff-t-container'><div class='ff-t-cell'><div class='ff-el-group'><div class=\"ff-el-input--label ff-el-is-required asterisk-right\"><label for='ff_3_address_1_address_line_1_' id='label_ff_3_address_1_address_line_1_' aria-label=\"C\u00edm 1. sora\">C\u00edm 1. sora<\/label><\/div><div class='ff-el-input--content'><input type=\"text\" name=\"address_1[address_line_1]\" id=\"ff_3_address_1_address_line_1_\" class=\"ff-el-form-control\" data-key_name=\"address_line_1\"  aria-invalid=\"false\" aria-required=\"true\"><\/div><\/div><\/div><div class='ff-t-cell'><div class='ff-el-group'><div class=\"ff-el-input--label asterisk-right\"><label for='ff_3_address_1_address_line_2_' id='label_ff_3_address_1_address_line_2_' aria-label=\"C\u00edm 2. sora\">C\u00edm 2. sora<\/label><\/div><div class='ff-el-input--content'><input type=\"text\" name=\"address_1[address_line_2]\" id=\"ff_3_address_1_address_line_2_\" class=\"ff-el-form-control\" data-key_name=\"address_line_2\"  aria-invalid=\"false\" aria-required=\"false\"><\/div><\/div><\/div><\/div><div class='ff-t-container'><div class='ff-t-cell'><div class='ff-el-group'><div class=\"ff-el-input--label ff-el-is-required asterisk-right\"><label for='ff_3_address_1_zip_' id='label_ff_3_address_1_zip_' aria-label=\"Ir\u00e1ny\u00edt\u00f3sz\u00e1m\">Ir\u00e1ny\u00edt\u00f3sz\u00e1m<\/label><\/div><div class='ff-el-input--content'><input type=\"text\" name=\"address_1[zip]\" id=\"ff_3_address_1_zip_\" class=\"ff-el-form-control\" data-key_name=\"zip\"  aria-invalid=\"false\" aria-required=\"true\"><\/div><\/div><\/div><div class='ff-t-cell'><div class='ff-el-group'><div class=\"ff-el-input--label ff-el-is-required asterisk-right\"><label for='ff_3_address_1_city_' id='label_ff_3_address_1_city_' aria-label=\"V\u00e1ros\">V\u00e1ros<\/label><\/div><div class='ff-el-input--content'><input type=\"text\" name=\"address_1[city]\" id=\"ff_3_address_1_city_\" class=\"ff-el-form-control\" data-key_name=\"city\"  aria-invalid=\"false\" aria-required=\"true\"><\/div><\/div><\/div><\/div><\/div><\/div><div class='ff-el-group'><div class=\"ff-el-input--label ff-el-is-required asterisk-right\"><label for='ff_3_input_text_1' id='label_ff_3_input_text_1' aria-label=\"K\u00e9rlek \u00edrd le,, hogy hol szeretn\u00e9l teraszt nyitni? Pl \u00fczlet el\u0151tti park\u00f3l\u00f3helyen, j\u00e1rd\u00e1n stb., \u00e9s hogy mekkora fel\u00fcletet tervezel elfoglalni..\">K\u00e9rlek \u00edrd le,, hogy hol szeretn\u00e9l teraszt nyitni? Pl \u00fczlet el\u0151tti park\u00f3l\u00f3helyen, j\u00e1rd\u00e1n stb., \u00e9s hogy mekkora fel\u00fcletet tervezel elfoglalni..<\/label><\/div><div class='ff-el-input--content'><input type=\"text\" name=\"input_text_1\" class=\"ff-el-form-control\" data-name=\"input_text_1\" id=\"ff_3_input_text_1\"  aria-invalid=\"false\" aria-required=\"true\"><\/div><\/div><div class='ff-el-group'><div class='ff-el-input--content'><div class='ff-el-form-check ff-el-form-check-'><label class='ff-el-form-check-label' for='checkbox_f0f2f38311c72318d1486c31802c5f1f'><input  type=\"checkbox\" name=\"checkbox[]\" data-name=\"checkbox\" class=\"ff-el-form-check-input ff-el-form-check-checkbox\" value=\"Elolvastam, \u00e9s elfogadom a r\u00e9szv\u00e9teli szab\u00e1lyzatot\"  id='checkbox_f0f2f38311c72318d1486c31802c5f1f' aria-label='Elolvastam, \u00e9s elfogadom a r\u00e9szv\u00e9teli szab\u00e1lyzatot' aria-invalid='false' aria-required=\"true\"> <span>Elolvastam, \u00e9s elfogadom a r\u00e9szv\u00e9teli szab\u00e1lyzatot<\/span><\/label><\/div><\/div><\/div><div class='ff-el-group'><div class='ff-el-input--content'><div class='ff-el-form-check ff-el-form-check-'><label class='ff-el-form-check-label' for='checkbox_1_d959679492fd1a3085e624a90a625427'><input  type=\"checkbox\" name=\"checkbox_1[]\" data-name=\"checkbox_1\" class=\"ff-el-form-check-input ff-el-form-check-checkbox\" value=\"Elfogadom a Sz\u00ednes Erzs\u00e9betv\u00e1ros adatv\u00e9delmi t\u00e1j\u00e9koztat\u00f3j\u00e1t\"  id='checkbox_1_d959679492fd1a3085e624a90a625427' aria-label='Elfogadom a Sz\u00ednes Erzs\u00e9betv\u00e1ros adatv\u00e9delmi t\u00e1j\u00e9koztat\u00f3j\u00e1t' aria-invalid='false' aria-required=\"true\"> <span>Elfogadom a Sz\u00ednes Erzs\u00e9betv\u00e1ros adatv\u00e9delmi t\u00e1j\u00e9koztat\u00f3j\u00e1t<\/span><\/label><\/div><\/div><\/div><div class='ff-el-group ff-text-left ff_submit_btn_wrapper'><button type=\"submit\" class=\"ff-btn ff-btn-submit ff-btn-md ff_btn_style\"  aria-label=\"Jelentkezek\">Jelentkezek<\/button><\/div><\/fieldset><input type=\"hidden\" name=\"trp-form-language\" value=\"en\"\/><\/form><div id='fluentform_3_errors' class='ff-errors-in-stack ff_form_instance_3_1 ff-form-loading_errors ff_form_instance_3_1_errors'><\/div><\/div>            <script type=\"text\/javascript\">\n                window.fluent_form_ff_form_instance_3_1 = {\"id\":\"3\",\"settings\":{\"layout\":{\"labelPlacement\":\"top\",\"asteriskPlacement\":\"asterisk-right\",\"helpMessagePlacement\":\"with_label\",\"errorMessagePlacement\":\"inline\",\"cssClassName\":\"\"},\"restrictions\":{\"denyEmptySubmission\":{\"enabled\":false}}},\"form_instance\":\"ff_form_instance_3_1\",\"form_id_selector\":\"fluentform_3\",\"rules\":{\"names[first_name]\":{\"required\":{\"value\":true,\"message\":\"This field is required\",\"global_message\":\"Ez egy k\\u00f6telez\\u0151 mez\\u0151\",\"global\":true}},\"names[middle_name]\":{\"required\":{\"value\":false,\"message\":\"This field is required\",\"global_message\":\"Ez egy k\\u00f6telez\\u0151 mez\\u0151\",\"global\":true}},\"names[last_name]\":{\"required\":{\"value\":true,\"message\":\"This field is required\",\"global_message\":\"Ez egy k\\u00f6telez\\u0151 mez\\u0151\",\"global\":true}},\"input_text\":{\"required\":{\"value\":false,\"message\":\"This field is required\",\"global_message\":\"Ez egy k\\u00f6telez\\u0151 mez\\u0151\",\"global\":true}},\"email\":{\"required\":{\"value\":true,\"message\":\"This field is required\",\"global_message\":\"Ez egy k\\u00f6telez\\u0151 mez\\u0151\",\"global\":true},\"email\":{\"value\":false,\"message\":\"This field must contain a valid email\",\"global_message\":\"A mez\\u0151nek \\u00e9rv\\u00e9nyes emailc\\u00edmet kell tartalmaznia\",\"global\":true}},\"phone\":{\"required\":{\"value\":true,\"global\":true,\"message\":\"This field is required\",\"global_message\":\"Ez egy k\\u00f6telez\\u0151 mez\\u0151\"},\"valid_phone_number\":{\"value\":false,\"global\":true,\"message\":\"Phone number is not valid\",\"global_message\":\"A telefonsz\\u00e1m nem \\u00e9rv\\u00e9nyes\"}},\"address_1[address_line_1]\":{\"required\":{\"value\":true,\"message\":\"This field is required\",\"global_message\":\"Ez egy k\\u00f6telez\\u0151 mez\\u0151\",\"global\":true}},\"address_1[address_line_2]\":{\"required\":{\"value\":false,\"message\":\"This field is required\",\"global_message\":\"Ez egy k\\u00f6telez\\u0151 mez\\u0151\",\"global\":true}},\"address_1[city]\":{\"required\":{\"value\":true,\"message\":\"This field is required\",\"global_message\":\"Ez egy k\\u00f6telez\\u0151 mez\\u0151\",\"global\":true}},\"address_1[state]\":{\"required\":{\"value\":false,\"message\":\"This field is required\",\"global_message\":\"Ez egy k\\u00f6telez\\u0151 mez\\u0151\",\"global\":true}},\"address_1[zip]\":{\"required\":{\"value\":true,\"message\":\"This field is required\",\"global_message\":\"Ez egy k\\u00f6telez\\u0151 mez\\u0151\",\"global\":true}},\"address_1[country]\":{\"required\":{\"value\":false,\"message\":\"This field is required\",\"global_message\":\"Ez egy k\\u00f6telez\\u0151 mez\\u0151\",\"global\":true}},\"input_text_1\":{\"required\":{\"value\":true,\"message\":\"This field is required\",\"global_message\":\"Ez egy k\\u00f6telez\\u0151 mez\\u0151\",\"global\":true}},\"checkbox\":{\"required\":{\"value\":true,\"message\":\"This field is required\",\"global_message\":\"Ez egy k\\u00f6telez\\u0151 mez\\u0151\",\"global\":true}},\"checkbox_1\":{\"required\":{\"value\":true,\"message\":\"This field is required\",\"global_message\":\"Ez egy k\\u00f6telez\\u0151 mez\\u0151\",\"global\":true}}},\"debounce_time\":300};\n                            <\/script>\n            <\/div>\n\t\t\t\t\t\t<\/div>\n\t\t\t\t<\/div>\n\t\t\t\t\t<\/div>\n\t\t\t\t<\/div>\n\t\t<div class=\"elementor-element elementor-element-0b2da54 e-flex e-con-boxed e-con e-parent\" data-id=\"0b2da54\" data-element_type=\"container\">\n\t\t\t\t\t<div class=\"e-con-inner\">\n\t\t\t\t<div class=\"elementor-element elementor-element-d296616 elementor-widget elementor-widget-text-editor\" data-id=\"d296616\" data-element_type=\"widget\" data-widget_type=\"text-editor.default\">\n\t\t\t\t<div class=\"elementor-widget-container\">\n\t\t\t\t\t\t\t\t\t<p>Lorem ipsum dolor sit amet, consectetur adipiscing elit. Ut elit tellus, luctus nec ullamcorper mattis, pulvinar dapibus leo.<\/p>\t\t\t\t\t\t\t\t<\/div>\n\t\t\t\t<\/div>\n\t\t\t\t\t<\/div>\n\t\t\t\t<\/div>\n\t\t\t\t<\/div>","protected":false},"excerpt":{"rendered":"<p>R\u00e9szv\u00e9teli Szab\u00e1lyzat: \u201eSzabad Teraszok\u201d demonstr\u00e1ci\u00f3 Helysz\u00edn:\u00a0Erzs\u00e9betv\u00e1ros Id\u0151pont:\u00a02026. m\u00e1rcius 28., 15:00 \u2013 21:00 A demonstr\u00e1ci\u00f3 c\u00e9lja, hogy megmutassuk: sz\u00fcks\u00e9g van a ki\u00fcl\u0151s teraszokra, mert azok elveszt\u00e9s\u00e9vel a v\u00e1rosi \u00e9let egy fontos szelet\u00e9t vesz\u00edthetj\u00fck el. A r\u00e9szv\u00e9tel felt\u00e9tele az al\u00e1bbi pontok marad\u00e9ktalan betart\u00e1s\u00e1hoz k\u00f6t\u00f6tt: Id\u0151keret \u00e9s \u00fczemeltet\u00e9s A teraszok kiz\u00e1r\u00f3lag\u00a015:00 \u00e9s 21:00 k\u00f6z\u00f6tt\u00a0tarthatnak nyitva. A r\u00e9sztvev\u0151 v\u00e1llalja, [&hellip;]<\/p>","protected":false},"author":1,"featured_media":0,"parent":0,"menu_order":0,"comment_status":"closed","ping_status":"closed","template":"","meta":{"give_campaign_id":0,"footnotes":""},"class_list":["post-1597","page","type-page","status-publish","hentry"],"yoast_head":"<!-- This site is optimized with the Yoast SEO Premium plugin v26.2 (Yoast SEO v26.3) - https:\/\/yoast.com\/wordpress\/plugins\/seo\/ -->\n<title>Jelentkez\u00e9s - Sz\u00ednes Erzs\u00e9betv\u00e1ros<\/title>\n<meta name=\"robots\" content=\"index, follow, max-snippet:-1, max-image-preview:large, max-video-preview:-1\" \/>\n<link rel=\"canonical\" href=\"https:\/\/szineserzsebetvaros.hu\/en\/jelentkezes\/\" \/>\n<meta property=\"og:locale\" content=\"en_US\" \/>\n<meta property=\"og:type\" content=\"article\" \/>\n<meta property=\"og:title\" content=\"Jelentkez\u00e9s\" \/>\n<meta property=\"og:description\" content=\"R\u00e9szv\u00e9teli Szab\u00e1lyzat: \u201eSzabad Teraszok\u201d demonstr\u00e1ci\u00f3 Helysz\u00edn:\u00a0Erzs\u00e9betv\u00e1ros Id\u0151pont:\u00a02026. m\u00e1rcius 28., 15:00 \u2013 21:00 A demonstr\u00e1ci\u00f3 c\u00e9lja, hogy megmutassuk: sz\u00fcks\u00e9g van a ki\u00fcl\u0151s teraszokra, mert azok elveszt\u00e9s\u00e9vel a v\u00e1rosi \u00e9let egy fontos szelet\u00e9t vesz\u00edthetj\u00fck el. A r\u00e9szv\u00e9tel felt\u00e9tele az al\u00e1bbi pontok marad\u00e9ktalan betart\u00e1s\u00e1hoz k\u00f6t\u00f6tt: Id\u0151keret \u00e9s \u00fczemeltet\u00e9s A teraszok kiz\u00e1r\u00f3lag\u00a015:00 \u00e9s 21:00 k\u00f6z\u00f6tt\u00a0tarthatnak nyitva. A r\u00e9sztvev\u0151 v\u00e1llalja, [&hellip;]\" \/>\n<meta property=\"og:url\" content=\"https:\/\/szineserzsebetvaros.hu\/en\/jelentkezes\/\" \/>\n<meta property=\"og:site_name\" content=\"Sz\u00ednes Erzs\u00e9betv\u00e1ros\" \/>\n<meta property=\"article:publisher\" content=\"https:\/\/www.facebook.com\/szineserzsebetvaros\" \/>\n<meta property=\"article:modified_time\" content=\"2026-03-17T08:37:04+00:00\" \/>\n<meta name=\"twitter:card\" content=\"summary_large_image\" \/>\n<meta name=\"twitter:label1\" content=\"Est. reading time\" \/>\n\t<meta name=\"twitter:data1\" content=\"2 minutes\" \/>\n<script type=\"application\/ld+json\" class=\"yoast-schema-graph\">{\"@context\":\"https:\/\/schema.org\",\"@graph\":[{\"@type\":\"WebPage\",\"@id\":\"https:\/\/szineserzsebetvaros.hu\/jelentkezes\/\",\"url\":\"https:\/\/szineserzsebetvaros.hu\/jelentkezes\/\",\"name\":\"Jelentkez\u00e9s - Sz\u00ednes Erzs\u00e9betv\u00e1ros\",\"isPartOf\":{\"@id\":\"https:\/\/szineserzsebetvaros.hu\/#website\"},\"datePublished\":\"2026-03-16T16:09:09+00:00\",\"dateModified\":\"2026-03-17T08:37:04+00:00\",\"breadcrumb\":{\"@id\":\"https:\/\/szineserzsebetvaros.hu\/jelentkezes\/#breadcrumb\"},\"inLanguage\":\"en-US\",\"potentialAction\":[{\"@type\":\"ReadAction\",\"target\":[\"https:\/\/szineserzsebetvaros.hu\/jelentkezes\/\"]}]},{\"@type\":\"BreadcrumbList\",\"@id\":\"https:\/\/szineserzsebetvaros.hu\/jelentkezes\/#breadcrumb\",\"itemListElement\":[{\"@type\":\"ListItem\",\"position\":1,\"name\":\"Kezd\u0151lap\",\"item\":\"https:\/\/szineserzsebetvaros.hu\/\"},{\"@type\":\"ListItem\",\"position\":2,\"name\":\"Jelentkez\u00e9s\"}]},{\"@type\":\"WebSite\",\"@id\":\"https:\/\/szineserzsebetvaros.hu\/#website\",\"url\":\"https:\/\/szineserzsebetvaros.hu\/\",\"name\":\"Sz\u00ednes Erzs\u00e9betv\u00e1ros\",\"description\":\"Erzs\u00e9betv\u00e1ros, Budapest VII. ker\u00fclet\u00e9nek port\u00e1lja\",\"publisher\":{\"@id\":\"https:\/\/szineserzsebetvaros.hu\/#organization\"},\"potentialAction\":[{\"@type\":\"SearchAction\",\"target\":{\"@type\":\"EntryPoint\",\"urlTemplate\":\"https:\/\/szineserzsebetvaros.hu\/?s={search_term_string}\"},\"query-input\":{\"@type\":\"PropertyValueSpecification\",\"valueRequired\":true,\"valueName\":\"search_term_string\"}}],\"inLanguage\":\"en-US\"},{\"@type\":\"Organization\",\"@id\":\"https:\/\/szineserzsebetvaros.hu\/#organization\",\"name\":\"Sz\u00ednes Erzs\u00e9betv\u00e1ros\",\"url\":\"https:\/\/szineserzsebetvaros.hu\/\",\"logo\":{\"@type\":\"ImageObject\",\"inLanguage\":\"en-US\",\"@id\":\"https:\/\/szineserzsebetvaros.hu\/#\/schema\/logo\/image\/\",\"url\":\"https:\/\/szineserzsebetvaros.hu\/wp-content\/uploads\/2024\/10\/SZEVlogo_color-2.png\",\"contentUrl\":\"https:\/\/szineserzsebetvaros.hu\/wp-content\/uploads\/2024\/10\/SZEVlogo_color-2.png\",\"width\":350,\"height\":102,\"caption\":\"Sz\u00ednes Erzs\u00e9betv\u00e1ros\"},\"image\":{\"@id\":\"https:\/\/szineserzsebetvaros.hu\/#\/schema\/logo\/image\/\"},\"sameAs\":[\"https:\/\/www.facebook.com\/szineserzsebetvaros\"]}]}<\/script>\n<!-- \/ Yoast SEO Premium plugin. -->","yoast_head_json":{"title":"Jelentkez\u00e9s - Sz\u00ednes Erzs\u00e9betv\u00e1ros","robots":{"index":"index","follow":"follow","max-snippet":"max-snippet:-1","max-image-preview":"max-image-preview:large","max-video-preview":"max-video-preview:-1"},"canonical":"https:\/\/szineserzsebetvaros.hu\/en\/jelentkezes\/","og_locale":"en_US","og_type":"article","og_title":"Jelentkez\u00e9s","og_description":"R\u00e9szv\u00e9teli Szab\u00e1lyzat: \u201eSzabad Teraszok\u201d demonstr\u00e1ci\u00f3 Helysz\u00edn:\u00a0Erzs\u00e9betv\u00e1ros Id\u0151pont:\u00a02026. m\u00e1rcius 28., 15:00 \u2013 21:00 A demonstr\u00e1ci\u00f3 c\u00e9lja, hogy megmutassuk: sz\u00fcks\u00e9g van a ki\u00fcl\u0151s teraszokra, mert azok elveszt\u00e9s\u00e9vel a v\u00e1rosi \u00e9let egy fontos szelet\u00e9t vesz\u00edthetj\u00fck el. A r\u00e9szv\u00e9tel felt\u00e9tele az al\u00e1bbi pontok marad\u00e9ktalan betart\u00e1s\u00e1hoz k\u00f6t\u00f6tt: Id\u0151keret \u00e9s \u00fczemeltet\u00e9s A teraszok kiz\u00e1r\u00f3lag\u00a015:00 \u00e9s 21:00 k\u00f6z\u00f6tt\u00a0tarthatnak nyitva. A r\u00e9sztvev\u0151 v\u00e1llalja, [&hellip;]","og_url":"https:\/\/szineserzsebetvaros.hu\/en\/jelentkezes\/","og_site_name":"Sz\u00ednes Erzs\u00e9betv\u00e1ros","article_publisher":"https:\/\/www.facebook.com\/szineserzsebetvaros","article_modified_time":"2026-03-17T08:37:04+00:00","twitter_card":"summary_large_image","twitter_misc":{"Est. reading time":"2 minutes"},"schema":{"@context":"https:\/\/schema.org","@graph":[{"@type":"WebPage","@id":"https:\/\/szineserzsebetvaros.hu\/jelentkezes\/","url":"https:\/\/szineserzsebetvaros.hu\/jelentkezes\/","name":"Jelentkez\u00e9s - Sz\u00ednes Erzs\u00e9betv\u00e1ros","isPartOf":{"@id":"https:\/\/szineserzsebetvaros.hu\/#website"},"datePublished":"2026-03-16T16:09:09+00:00","dateModified":"2026-03-17T08:37:04+00:00","breadcrumb":{"@id":"https:\/\/szineserzsebetvaros.hu\/jelentkezes\/#breadcrumb"},"inLanguage":"en-US","potentialAction":[{"@type":"ReadAction","target":["https:\/\/szineserzsebetvaros.hu\/jelentkezes\/"]}]},{"@type":"BreadcrumbList","@id":"https:\/\/szineserzsebetvaros.hu\/jelentkezes\/#breadcrumb","itemListElement":[{"@type":"ListItem","position":1,"name":"Kezd\u0151lap","item":"https:\/\/szineserzsebetvaros.hu\/"},{"@type":"ListItem","position":2,"name":"Jelentkez\u00e9s"}]},{"@type":"WebSite","@id":"https:\/\/szineserzsebetvaros.hu\/#website","url":"https:\/\/szineserzsebetvaros.hu\/","name":"Sz\u00ednes Erzs\u00e9betv\u00e1ros","description":"Erzs\u00e9betv\u00e1ros, Budapest VII. ker\u00fclet\u00e9nek port\u00e1lja","publisher":{"@id":"https:\/\/szineserzsebetvaros.hu\/#organization"},"potentialAction":[{"@type":"SearchAction","target":{"@type":"EntryPoint","urlTemplate":"https:\/\/szineserzsebetvaros.hu\/?s={search_term_string}"},"query-input":{"@type":"PropertyValueSpecification","valueRequired":true,"valueName":"search_term_string"}}],"inLanguage":"en-US"},{"@type":"Organization","@id":"https:\/\/szineserzsebetvaros.hu\/#organization","name":"Sz\u00ednes Erzs\u00e9betv\u00e1ros","url":"https:\/\/szineserzsebetvaros.hu\/","logo":{"@type":"ImageObject","inLanguage":"en-US","@id":"https:\/\/szineserzsebetvaros.hu\/#\/schema\/logo\/image\/","url":"https:\/\/szineserzsebetvaros.hu\/wp-content\/uploads\/2024\/10\/SZEVlogo_color-2.png","contentUrl":"https:\/\/szineserzsebetvaros.hu\/wp-content\/uploads\/2024\/10\/SZEVlogo_color-2.png","width":350,"height":102,"caption":"Sz\u00ednes Erzs\u00e9betv\u00e1ros"},"image":{"@id":"https:\/\/szineserzsebetvaros.hu\/#\/schema\/logo\/image\/"},"sameAs":["https:\/\/www.facebook.com\/szineserzsebetvaros"]}]}},"campaignId":"","_links":{"self":[{"href":"https:\/\/szineserzsebetvaros.hu\/en\/wp-json\/wp\/v2\/pages\/1597","targetHints":{"allow":["GET"]}}],"collection":[{"href":"https:\/\/szineserzsebetvaros.hu\/en\/wp-json\/wp\/v2\/pages"}],"about":[{"href":"https:\/\/szineserzsebetvaros.hu\/en\/wp-json\/wp\/v2\/types\/page"}],"author":[{"embeddable":true,"href":"https:\/\/szineserzsebetvaros.hu\/en\/wp-json\/wp\/v2\/users\/1"}],"replies":[{"embeddable":true,"href":"https:\/\/szineserzsebetvaros.hu\/en\/wp-json\/wp\/v2\/comments?post=1597"}],"version-history":[{"count":10,"href":"https:\/\/szineserzsebetvaros.hu\/en\/wp-json\/wp\/v2\/pages\/1597\/revisions"}],"predecessor-version":[{"id":1615,"href":"https:\/\/szineserzsebetvaros.hu\/en\/wp-json\/wp\/v2\/pages\/1597\/revisions\/1615"}],"wp:attachment":[{"href":"https:\/\/szineserzsebetvaros.hu\/en\/wp-json\/wp\/v2\/media?parent=1597"}],"curies":[{"name":"wp","href":"https:\/\/api.w.org\/{rel}","templated":true}]}}