{"id":1579,"date":"2026-03-12T14:40:06","date_gmt":"2026-03-12T13:40:06","guid":{"rendered":"https:\/\/szineserzsebetvaros.hu\/?page_id=1579"},"modified":"2026-03-17T10:23:54","modified_gmt":"2026-03-17T09:23:54","slug":"szabad-vendeglatast","status":"publish","type":"page","link":"https:\/\/szineserzsebetvaros.hu\/en\/szabad-vendeglatast\/","title":{"rendered":"Szabad vend\u00e9gl\u00e1t\u00e1st"},"content":{"rendered":"<div data-elementor-type=\"wp-page\" data-elementor-id=\"1579\" class=\"elementor elementor-1579\" data-elementor-post-type=\"page\">\n\t\t\t\t<div class=\"elementor-element elementor-element-5fdb4ce4 e-flex e-con-boxed e-con e-parent\" data-id=\"5fdb4ce4\" data-element_type=\"container\">\n\t\t\t\t\t<div class=\"e-con-inner\">\n\t\t\t\t<div class=\"elementor-element elementor-element-4ea4280f elementor-widget elementor-widget-image\" data-id=\"4ea4280f\" data-element_type=\"widget\" data-widget_type=\"image.default\">\n\t\t\t\t<div class=\"elementor-widget-container\">\n\t\t\t\t\t\t\t\t\t\t\t\t\t\t\t<img decoding=\"async\" src=\"https:\/\/szineserzsebetvaros.hu\/wp-content\/uploads\/elementor\/thumbs\/PXL_20250816_113650947-scaled-rkmuaqe2ryljf5t4mrcj7o70sh93ti5ao46n9m59yw.jpg\" title=\"PXL_20250816_113650947\" alt=\"PXL_20250816_113650947\" loading=\"lazy\" \/>\t\t\t\t\t\t\t\t\t\t\t\t\t\t\t<\/div>\n\t\t\t\t<\/div>\n\t\t\t\t\t<\/div>\n\t\t\t\t<\/div>\n\t\t<div class=\"elementor-element elementor-element-7c562470 e-flex e-con-boxed e-con e-parent\" data-id=\"7c562470\" data-element_type=\"container\">\n\t\t\t\t\t<div class=\"e-con-inner\">\n\t\t\t\t<div class=\"elementor-element elementor-element-25d7476c elementor-widget elementor-widget-text-editor\" data-id=\"25d7476c\" data-element_type=\"widget\" data-widget_type=\"text-editor.default\">\n\t\t\t\t<div class=\"elementor-widget-container\">\n\t\t\t\t\t\t\t\t\t<h3 style=\"text-align: center;\"><span style=\"color: #008000;\"><strong><b><i><span lang=\"HU\">Szabad v\u00e1rosi \u00e9letet, szabad ki\u00fcl\u0151s teraszokat Erzs\u00e9betv\u00e1rosban!<\/span><\/i><\/b><\/strong><\/span><\/h3><p style=\"font-weight: 400;\">Abszurd m\u00f3don Erzs\u00e9betv\u00e1ros k\u00e9pvisel\u0151-test\u00fclet\u00e9nek v\u00e1rosi \u00e9let-, \u00e9s fiatalellenes t\u00f6bbs\u00e9ge \u00fagy d\u00f6nt\u00f6tt, hogy ellehetetlen\u00edti \u00e9s betiltja a mindennapok r\u00e9sz\u00e9t k\u00e9pez\u0151 ki\u00fcl\u0151s teraszokat. Olyan rendeletet alkotott egym\u00e1ssal hallgat\u00f3lagosan egy\u00fcttm\u0171k\u00f6dve a ker\u00fcleti Fidesz, a DK \u00e9s a Momentum, ami a ki\u00fcl\u0151s teraszok megnyit\u00e1s\u00e1t a k\u00f6r\u00fcl\u00f6tt\u00fck l\u00e9v\u0151 n\u00e9gy t\u00e1rsash\u00e1z j\u00f3v\u00e1hagy\u00e1s\u00e1hoz k\u00f6ti. Ez egyenl\u0151 az ellehetetlen\u00edt\u00e9s\u00fckkel. A sz\u00e9gyenletes rendelet ellen egyed\u00fcl a Sz\u00ednes Erzs\u00e9betv\u00e1ros k\u00e9pvisel\u0151je \u2013 Lajos B\u00e9la sz\u00f3lalt fel \u00e9s szavazott r\u00e1 nemmel, de ez nem volt el\u00e9g ahhoz, hogy a r\u00e9gi p\u00e1rtok akarata \u00e9rv\u00e9nyes\u00fclj\u00f6n.<\/p><p style=\"font-weight: 400;\">Mi ezzel a probl\u00e9ma?<\/p><p style=\"font-weight: 400;\">A teraszok m\u0171k\u00f6d\u00e9s\u00e9t a b\u00e9k\u00e9s egy\u00fctt\u00e9l\u00e9s \u00e9rdek\u00e9ben val\u00f3ban szab\u00e1lyozni kell \u2013 ez az \u00f6nkorm\u00e1nyzat feladata \u00e9s minden jogk\u00f6re megvan hozz\u00e1. Meg tudja hat\u00e1rozni p\u00e9ld\u00e1ul, hogy meddig lehetnek nyitva, sz\u00f3lhat-e zene, mekkora ter\u00fcletet foglalhatnak el, \u00e9s azt is, hogy milyen felt\u00e9telek mellett m\u0171k\u00f6dhetnek. Ezek mind olyan k\u00e9rd\u00e9sek, amelyekkel kapcsolatban \u00e9rdemi p\u00e1rbesz\u00e9dre \u00e9s felel\u0151s szab\u00e1lyoz\u00e1sra van sz\u00fcks\u00e9g.<\/p><p style=\"font-weight: 400;\">Az \u00f6nkorm\u00e1nyzatnak azonban nem kiszerveznie kellene a korrekt szab\u00e1lyoz\u00e1s felel\u0151ss\u00e9g\u00e9t, hanem elv\u00e9geznie azt a feladatot, amire a megv\u00e1lasztott k\u00e9pvisel\u0151ket felruh\u00e1zt\u00e1k a v\u00e1laszt\u00f3k.<\/p><p style=\"font-weight: 400;\">A t\u00e1rsash\u00e1zi j\u00f3v\u00e1hagy\u00e1sokhoz k\u00f6t\u00e9s balk\u00e1ni \u00e1llapotokat id\u00e9z, hiszen megnyitja a zsarol\u00e1si potenci\u00e1lok \u00e9s a korrupci\u00f3 v\u00e9gtelen lehet\u0151s\u00e9g\u00e9t. Ha n\u00e9gy k\u00fcl\u00f6nb\u00f6z\u0151 t\u00e1rsash\u00e1z j\u00f3v\u00e1hagy\u00e1sa sz\u00fcks\u00e9ges, t\u00e1rsash\u00e1zi k\u00f6zgy\u0171l\u00e9si szavaz\u00e1sokon kereszt\u00fcl, az a gyakorlatban k\u00f6nnyen oda vezethet, hogy Erzs\u00e9betv\u00e1rosban megsz\u0171nnek a teraszok.<\/p><ul style=\"font-weight: 400;\"><li>Nem lesz reggeli k\u00e1v\u00e9 a naps\u00fct\u00e9sben.<\/li><li>Nem lesz csendesen elk\u00f6lt\u00f6tt eb\u00e9d a s\u00e9t\u00e1l\u00f3utc\u00e1kban.<\/li><li>Nem lesz d\u00e9lut\u00e1ni besz\u00e9lget\u00e9s a bar\u00e1tokkal egy poh\u00e1r ital mellett.<\/li><\/ul><p style=\"font-weight: 400;\">\u00a0<\/p><p style=\"font-weight: 400;\">Ez a rendelet abszurd \u00e9s k\u00e9pmutat\u00f3: c\u00e9lja nem a b\u00e9k\u00e9s egy\u00fctt\u00e9l\u00e9s megteremt\u00e9se, hanem a bez\u00e1r\u00e1sok felel\u0151ss\u00e9g\u00e9nek kiszervez\u00e9se.<\/p><p style=\"font-weight: 400;\">Mi\u00e9rt vegy\u00e9l r\u00e9szt benne?<\/p><p style=\"font-weight: 400;\">C\u00e9lunk a b\u00e9k\u00e9s, k\u00f6z\u00f6ss\u00e9gi tiltakoz\u00e1s. Szeretn\u00e9nk megmutatni, mit vesz\u00edthet Budapest, ha ezt a rendeletet nem vonj\u00e1k vissza.<\/p><p style=\"font-weight: 400;\">Nyissuk meg teraszokat egy napra, \u00e9s mutassuk meg, hogy a teraszok nem probl\u00e9m\u00e1t jelentenek, hanem a v\u00e1rosi \u00e9let fontos r\u00e9szei.<\/p><p style=\"font-weight: 400;\">A teraszok tal\u00e1lkoz\u00e1si pontok: reggeli k\u00e1v\u00e9k helysz\u00ednei, k\u00f6z\u00f6s eb\u00e9dek tere, bar\u00e1ti besz\u00e9lget\u00e9sek sz\u00ednterei.<\/p><p style=\"font-weight: 400;\">Ha elt\u0171nnek, egy darab v\u00e1rosi \u00e9let t\u0171nik el vel\u00fck.<\/p><p style=\"font-weight: 400;\">Ez\u00e9rt h\u00edvunk mindenkit \u2013 vend\u00e9geket, vend\u00e9gl\u00e1t\u00f3sokat, szomsz\u00e9dokat \u00e9s v\u00e1rosszeret\u0151 budapestieket \u2013, hogy csatlakozzatok hozz\u00e1nk! \u00dclj\u00fcnk ki a teraszokra, t\u00f6lts\u00fcnk egy\u00fctt id\u0151t, \u00e9s mutassuk meg: a v\u00e1ros \u00e9l, \u00e9s a teraszok ennek az \u00e9letnek a r\u00e9szei.<\/p>\t\t\t\t\t\t\t\t<\/div>\n\t\t\t\t<\/div>\n\t\t\t\t\t<\/div>\n\t\t\t\t<\/div>\n\t\t<div class=\"elementor-element elementor-element-4991472 e-flex e-con-boxed e-con e-parent\" data-id=\"4991472\" data-element_type=\"container\">\n\t\t\t\t\t<div class=\"e-con-inner\">\n\t\t\t\t<div class=\"elementor-element elementor-element-2d9000b2 elementor-align-center elementor-widget elementor-widget-button\" data-id=\"2d9000b2\" data-element_type=\"widget\" data-widget_type=\"button.default\">\n\t\t\t\t<div class=\"elementor-widget-container\">\n\t\t\t\t\t\t\t\t\t<div class=\"elementor-button-wrapper\">\n\t\t\t\t\t<a class=\"elementor-button elementor-button-link elementor-size-sm\" href=\"https:\/\/szineserzsebetvaros.hu\/en\/jelentkezes\/\">\n\t\t\t\t\t\t<span class=\"elementor-button-content-wrapper\">\n\t\t\t\t\t\t\t\t\t<span class=\"elementor-button-text\">Csalakozok<\/span>\n\t\t\t\t\t<\/span>\n\t\t\t\t\t<\/a>\n\t\t\t\t<\/div>\n\t\t\t\t\t\t\t\t<\/div>\n\t\t\t\t<\/div>\n\t\t\t\t\t<\/div>\n\t\t\t\t<\/div>\n\t\t\t\t<\/div>","protected":false},"excerpt":{"rendered":"<p>Szabad v\u00e1rosi \u00e9letet, szabad ki\u00fcl\u0151s teraszokat Erzs\u00e9betv\u00e1rosban! Abszurd m\u00f3don Erzs\u00e9betv\u00e1ros k\u00e9pvisel\u0151-test\u00fclet\u00e9nek v\u00e1rosi \u00e9let-, \u00e9s fiatalellenes t\u00f6bbs\u00e9ge \u00fagy d\u00f6nt\u00f6tt, hogy ellehetetlen\u00edti \u00e9s betiltja a mindennapok r\u00e9sz\u00e9t k\u00e9pez\u0151 ki\u00fcl\u0151s teraszokat. Olyan rendeletet alkotott egym\u00e1ssal hallgat\u00f3lagosan egy\u00fcttm\u0171k\u00f6dve a ker\u00fcleti Fidesz, a DK \u00e9s a Momentum, ami a ki\u00fcl\u0151s teraszok megnyit\u00e1s\u00e1t a k\u00f6r\u00fcl\u00f6tt\u00fck l\u00e9v\u0151 n\u00e9gy t\u00e1rsash\u00e1z j\u00f3v\u00e1hagy\u00e1s\u00e1hoz k\u00f6ti. Ez [&hellip;]<\/p>","protected":false},"author":1,"featured_media":1620,"parent":0,"menu_order":0,"comment_status":"closed","ping_status":"closed","template":"","meta":{"give_campaign_id":0,"footnotes":""},"class_list":["post-1579","page","type-page","status-publish","has-post-thumbnail","hentry"],"yoast_head":"<!-- This site is optimized with the Yoast SEO Premium plugin v26.2 (Yoast SEO v26.3) - https:\/\/yoast.com\/wordpress\/plugins\/seo\/ -->\n<title>Szabad vend\u00e9gl\u00e1t\u00e1st - Sz\u00ednes Erzs\u00e9betv\u00e1ros<\/title>\n<meta name=\"robots\" content=\"index, follow, max-snippet:-1, max-image-preview:large, max-video-preview:-1\" \/>\n<link rel=\"canonical\" href=\"https:\/\/szineserzsebetvaros.hu\/en\/szabad-vendeglatast\/\" \/>\n<meta property=\"og:locale\" content=\"en_US\" \/>\n<meta property=\"og:type\" content=\"article\" \/>\n<meta property=\"og:title\" content=\"Szabad vend\u00e9gl\u00e1t\u00e1st\" \/>\n<meta property=\"og:description\" content=\"Szabad v\u00e1rosi \u00e9letet, szabad ki\u00fcl\u0151s teraszokat Erzs\u00e9betv\u00e1rosban! Abszurd m\u00f3don Erzs\u00e9betv\u00e1ros k\u00e9pvisel\u0151-test\u00fclet\u00e9nek v\u00e1rosi \u00e9let-, \u00e9s fiatalellenes t\u00f6bbs\u00e9ge \u00fagy d\u00f6nt\u00f6tt, hogy ellehetetlen\u00edti \u00e9s betiltja a mindennapok r\u00e9sz\u00e9t k\u00e9pez\u0151 ki\u00fcl\u0151s teraszokat. Olyan rendeletet alkotott egym\u00e1ssal hallgat\u00f3lagosan egy\u00fcttm\u0171k\u00f6dve a ker\u00fcleti Fidesz, a DK \u00e9s a Momentum, ami a ki\u00fcl\u0151s teraszok megnyit\u00e1s\u00e1t a k\u00f6r\u00fcl\u00f6tt\u00fck l\u00e9v\u0151 n\u00e9gy t\u00e1rsash\u00e1z j\u00f3v\u00e1hagy\u00e1s\u00e1hoz k\u00f6ti. Ez [&hellip;]\" \/>\n<meta property=\"og:url\" content=\"https:\/\/szineserzsebetvaros.hu\/en\/szabad-vendeglatast\/\" \/>\n<meta property=\"og:site_name\" content=\"Sz\u00ednes Erzs\u00e9betv\u00e1ros\" \/>\n<meta property=\"article:publisher\" content=\"https:\/\/www.facebook.com\/szineserzsebetvaros\" \/>\n<meta property=\"article:modified_time\" content=\"2026-03-17T09:23:54+00:00\" \/>\n<meta property=\"og:image\" content=\"https:\/\/szineserzsebetvaros.hu\/wp-content\/uploads\/2026\/03\/Nevtelen-terv-26.jpg\" \/>\n\t<meta property=\"og:image:width\" content=\"1200\" \/>\n\t<meta property=\"og:image:height\" content=\"628\" \/>\n\t<meta property=\"og:image:type\" content=\"image\/jpeg\" \/>\n<meta name=\"twitter:card\" content=\"summary_large_image\" \/>\n<meta name=\"twitter:label1\" content=\"Est. reading time\" \/>\n\t<meta name=\"twitter:data1\" content=\"3 minutes\" \/>\n<script type=\"application\/ld+json\" class=\"yoast-schema-graph\">{\"@context\":\"https:\/\/schema.org\",\"@graph\":[{\"@type\":\"WebPage\",\"@id\":\"https:\/\/szineserzsebetvaros.hu\/szabad-vendeglatast\/\",\"url\":\"https:\/\/szineserzsebetvaros.hu\/szabad-vendeglatast\/\",\"name\":\"Szabad vend\u00e9gl\u00e1t\u00e1st - Sz\u00ednes Erzs\u00e9betv\u00e1ros\",\"isPartOf\":{\"@id\":\"https:\/\/szineserzsebetvaros.hu\/#website\"},\"primaryImageOfPage\":{\"@id\":\"https:\/\/szineserzsebetvaros.hu\/szabad-vendeglatast\/#primaryimage\"},\"image\":{\"@id\":\"https:\/\/szineserzsebetvaros.hu\/szabad-vendeglatast\/#primaryimage\"},\"thumbnailUrl\":\"https:\/\/szineserzsebetvaros.hu\/wp-content\/uploads\/2026\/03\/Nevtelen-terv-26.jpg\",\"datePublished\":\"2026-03-12T13:40:06+00:00\",\"dateModified\":\"2026-03-17T09:23:54+00:00\",\"breadcrumb\":{\"@id\":\"https:\/\/szineserzsebetvaros.hu\/szabad-vendeglatast\/#breadcrumb\"},\"inLanguage\":\"en-US\",\"potentialAction\":[{\"@type\":\"ReadAction\",\"target\":[\"https:\/\/szineserzsebetvaros.hu\/szabad-vendeglatast\/\"]}]},{\"@type\":\"ImageObject\",\"inLanguage\":\"en-US\",\"@id\":\"https:\/\/szineserzsebetvaros.hu\/szabad-vendeglatast\/#primaryimage\",\"url\":\"https:\/\/szineserzsebetvaros.hu\/wp-content\/uploads\/2026\/03\/Nevtelen-terv-26.jpg\",\"contentUrl\":\"https:\/\/szineserzsebetvaros.hu\/wp-content\/uploads\/2026\/03\/Nevtelen-terv-26.jpg\",\"width\":1200,\"height\":628},{\"@type\":\"BreadcrumbList\",\"@id\":\"https:\/\/szineserzsebetvaros.hu\/szabad-vendeglatast\/#breadcrumb\",\"itemListElement\":[{\"@type\":\"ListItem\",\"position\":1,\"name\":\"Kezd\u0151lap\",\"item\":\"https:\/\/szineserzsebetvaros.hu\/\"},{\"@type\":\"ListItem\",\"position\":2,\"name\":\"Szabad vend\u00e9gl\u00e1t\u00e1st\"}]},{\"@type\":\"WebSite\",\"@id\":\"https:\/\/szineserzsebetvaros.hu\/#website\",\"url\":\"https:\/\/szineserzsebetvaros.hu\/\",\"name\":\"Sz\u00ednes Erzs\u00e9betv\u00e1ros\",\"description\":\"Erzs\u00e9betv\u00e1ros, Budapest VII. ker\u00fclet\u00e9nek port\u00e1lja\",\"publisher\":{\"@id\":\"https:\/\/szineserzsebetvaros.hu\/#organization\"},\"potentialAction\":[{\"@type\":\"SearchAction\",\"target\":{\"@type\":\"EntryPoint\",\"urlTemplate\":\"https:\/\/szineserzsebetvaros.hu\/?s={search_term_string}\"},\"query-input\":{\"@type\":\"PropertyValueSpecification\",\"valueRequired\":true,\"valueName\":\"search_term_string\"}}],\"inLanguage\":\"en-US\"},{\"@type\":\"Organization\",\"@id\":\"https:\/\/szineserzsebetvaros.hu\/#organization\",\"name\":\"Sz\u00ednes Erzs\u00e9betv\u00e1ros\",\"url\":\"https:\/\/szineserzsebetvaros.hu\/\",\"logo\":{\"@type\":\"ImageObject\",\"inLanguage\":\"en-US\",\"@id\":\"https:\/\/szineserzsebetvaros.hu\/#\/schema\/logo\/image\/\",\"url\":\"https:\/\/szineserzsebetvaros.hu\/wp-content\/uploads\/2024\/10\/SZEVlogo_color-2.png\",\"contentUrl\":\"https:\/\/szineserzsebetvaros.hu\/wp-content\/uploads\/2024\/10\/SZEVlogo_color-2.png\",\"width\":350,\"height\":102,\"caption\":\"Sz\u00ednes Erzs\u00e9betv\u00e1ros\"},\"image\":{\"@id\":\"https:\/\/szineserzsebetvaros.hu\/#\/schema\/logo\/image\/\"},\"sameAs\":[\"https:\/\/www.facebook.com\/szineserzsebetvaros\"]}]}<\/script>\n<!-- \/ Yoast SEO Premium plugin. -->","yoast_head_json":{"title":"Szabad vend\u00e9gl\u00e1t\u00e1st - Sz\u00ednes Erzs\u00e9betv\u00e1ros","robots":{"index":"index","follow":"follow","max-snippet":"max-snippet:-1","max-image-preview":"max-image-preview:large","max-video-preview":"max-video-preview:-1"},"canonical":"https:\/\/szineserzsebetvaros.hu\/en\/szabad-vendeglatast\/","og_locale":"en_US","og_type":"article","og_title":"Szabad vend\u00e9gl\u00e1t\u00e1st","og_description":"Szabad v\u00e1rosi \u00e9letet, szabad ki\u00fcl\u0151s teraszokat Erzs\u00e9betv\u00e1rosban! Abszurd m\u00f3don Erzs\u00e9betv\u00e1ros k\u00e9pvisel\u0151-test\u00fclet\u00e9nek v\u00e1rosi \u00e9let-, \u00e9s fiatalellenes t\u00f6bbs\u00e9ge \u00fagy d\u00f6nt\u00f6tt, hogy ellehetetlen\u00edti \u00e9s betiltja a mindennapok r\u00e9sz\u00e9t k\u00e9pez\u0151 ki\u00fcl\u0151s teraszokat. Olyan rendeletet alkotott egym\u00e1ssal hallgat\u00f3lagosan egy\u00fcttm\u0171k\u00f6dve a ker\u00fcleti Fidesz, a DK \u00e9s a Momentum, ami a ki\u00fcl\u0151s teraszok megnyit\u00e1s\u00e1t a k\u00f6r\u00fcl\u00f6tt\u00fck l\u00e9v\u0151 n\u00e9gy t\u00e1rsash\u00e1z j\u00f3v\u00e1hagy\u00e1s\u00e1hoz k\u00f6ti. Ez [&hellip;]","og_url":"https:\/\/szineserzsebetvaros.hu\/en\/szabad-vendeglatast\/","og_site_name":"Sz\u00ednes Erzs\u00e9betv\u00e1ros","article_publisher":"https:\/\/www.facebook.com\/szineserzsebetvaros","article_modified_time":"2026-03-17T09:23:54+00:00","og_image":[{"width":1200,"height":628,"url":"https:\/\/szineserzsebetvaros.hu\/wp-content\/uploads\/2026\/03\/Nevtelen-terv-26.jpg","type":"image\/jpeg"}],"twitter_card":"summary_large_image","twitter_misc":{"Est. reading time":"3 minutes"},"schema":{"@context":"https:\/\/schema.org","@graph":[{"@type":"WebPage","@id":"https:\/\/szineserzsebetvaros.hu\/szabad-vendeglatast\/","url":"https:\/\/szineserzsebetvaros.hu\/szabad-vendeglatast\/","name":"Szabad vend\u00e9gl\u00e1t\u00e1st - Sz\u00ednes Erzs\u00e9betv\u00e1ros","isPartOf":{"@id":"https:\/\/szineserzsebetvaros.hu\/#website"},"primaryImageOfPage":{"@id":"https:\/\/szineserzsebetvaros.hu\/szabad-vendeglatast\/#primaryimage"},"image":{"@id":"https:\/\/szineserzsebetvaros.hu\/szabad-vendeglatast\/#primaryimage"},"thumbnailUrl":"https:\/\/szineserzsebetvaros.hu\/wp-content\/uploads\/2026\/03\/Nevtelen-terv-26.jpg","datePublished":"2026-03-12T13:40:06+00:00","dateModified":"2026-03-17T09:23:54+00:00","breadcrumb":{"@id":"https:\/\/szineserzsebetvaros.hu\/szabad-vendeglatast\/#breadcrumb"},"inLanguage":"en-US","potentialAction":[{"@type":"ReadAction","target":["https:\/\/szineserzsebetvaros.hu\/szabad-vendeglatast\/"]}]},{"@type":"ImageObject","inLanguage":"en-US","@id":"https:\/\/szineserzsebetvaros.hu\/szabad-vendeglatast\/#primaryimage","url":"https:\/\/szineserzsebetvaros.hu\/wp-content\/uploads\/2026\/03\/Nevtelen-terv-26.jpg","contentUrl":"https:\/\/szineserzsebetvaros.hu\/wp-content\/uploads\/2026\/03\/Nevtelen-terv-26.jpg","width":1200,"height":628},{"@type":"BreadcrumbList","@id":"https:\/\/szineserzsebetvaros.hu\/szabad-vendeglatast\/#breadcrumb","itemListElement":[{"@type":"ListItem","position":1,"name":"Kezd\u0151lap","item":"https:\/\/szineserzsebetvaros.hu\/"},{"@type":"ListItem","position":2,"name":"Szabad vend\u00e9gl\u00e1t\u00e1st"}]},{"@type":"WebSite","@id":"https:\/\/szineserzsebetvaros.hu\/#website","url":"https:\/\/szineserzsebetvaros.hu\/","name":"Sz\u00ednes Erzs\u00e9betv\u00e1ros","description":"Erzs\u00e9betv\u00e1ros, Budapest VII. ker\u00fclet\u00e9nek port\u00e1lja","publisher":{"@id":"https:\/\/szineserzsebetvaros.hu\/#organization"},"potentialAction":[{"@type":"SearchAction","target":{"@type":"EntryPoint","urlTemplate":"https:\/\/szineserzsebetvaros.hu\/?s={search_term_string}"},"query-input":{"@type":"PropertyValueSpecification","valueRequired":true,"valueName":"search_term_string"}}],"inLanguage":"en-US"},{"@type":"Organization","@id":"https:\/\/szineserzsebetvaros.hu\/#organization","name":"Sz\u00ednes Erzs\u00e9betv\u00e1ros","url":"https:\/\/szineserzsebetvaros.hu\/","logo":{"@type":"ImageObject","inLanguage":"en-US","@id":"https:\/\/szineserzsebetvaros.hu\/#\/schema\/logo\/image\/","url":"https:\/\/szineserzsebetvaros.hu\/wp-content\/uploads\/2024\/10\/SZEVlogo_color-2.png","contentUrl":"https:\/\/szineserzsebetvaros.hu\/wp-content\/uploads\/2024\/10\/SZEVlogo_color-2.png","width":350,"height":102,"caption":"Sz\u00ednes Erzs\u00e9betv\u00e1ros"},"image":{"@id":"https:\/\/szineserzsebetvaros.hu\/#\/schema\/logo\/image\/"},"sameAs":["https:\/\/www.facebook.com\/szineserzsebetvaros"]}]}},"campaignId":"","_links":{"self":[{"href":"https:\/\/szineserzsebetvaros.hu\/en\/wp-json\/wp\/v2\/pages\/1579","targetHints":{"allow":["GET"]}}],"collection":[{"href":"https:\/\/szineserzsebetvaros.hu\/en\/wp-json\/wp\/v2\/pages"}],"about":[{"href":"https:\/\/szineserzsebetvaros.hu\/en\/wp-json\/wp\/v2\/types\/page"}],"author":[{"embeddable":true,"href":"https:\/\/szineserzsebetvaros.hu\/en\/wp-json\/wp\/v2\/users\/1"}],"replies":[{"embeddable":true,"href":"https:\/\/szineserzsebetvaros.hu\/en\/wp-json\/wp\/v2\/comments?post=1579"}],"version-history":[{"count":22,"href":"https:\/\/szineserzsebetvaros.hu\/en\/wp-json\/wp\/v2\/pages\/1579\/revisions"}],"predecessor-version":[{"id":1619,"href":"https:\/\/szineserzsebetvaros.hu\/en\/wp-json\/wp\/v2\/pages\/1579\/revisions\/1619"}],"wp:featuredmedia":[{"embeddable":true,"href":"https:\/\/szineserzsebetvaros.hu\/en\/wp-json\/wp\/v2\/media\/1620"}],"wp:attachment":[{"href":"https:\/\/szineserzsebetvaros.hu\/en\/wp-json\/wp\/v2\/media?parent=1579"}],"curies":[{"name":"wp","href":"https:\/\/api.w.org\/{rel}","templated":true}]}}